{"id":60,"date":"2024-10-08T11:34:52","date_gmt":"2024-10-08T09:34:52","guid":{"rendered":"https:\/\/www.cdrba.sk\/?page_id=60"},"modified":"2024-10-08T13:40:54","modified_gmt":"2024-10-08T11:40:54","slug":"slobodny-pristup-k-informaciam","status":"publish","type":"page","link":"https:\/\/www.cdrba.sk\/?page_id=60","title":{"rendered":"Slobodn\u00fd pr\u00edstup k inform\u00e1ci\u00e1m"},"content":{"rendered":"\n<p style=\"padding-top:var(--wp--preset--spacing--small);padding-bottom:var(--wp--preset--spacing--small)\">POSKYTOVANIE INFORM\u00c1CI\u00cd V ZMYSLE Z\u00c1KONA \u010d. 211\/2000 Z. z. o slobodnom pr\u00edstupe k inform\u00e1ci\u00e1m v znen\u00ed neskor\u0161\u00edch predpisov rodiny.<\/p>\n\n\n\n<p style=\"padding-top:var(--wp--preset--spacing--small);padding-bottom:var(--wp--preset--spacing--small)\">\u017diados\u0165 o poskytnutie inform\u00e1cie pod\u013ea z\u00e1kona \u010d. 211\/2000 Z. z. o slobodnom pr\u00edstupe k inform\u00e1ci\u00e1m a o zmene a doplnen\u00ed niektor\u00fdch z\u00e1konov mus\u00ed obsahova\u0165:<\/p>\n\n\n\n<p style=\"padding-top:var(--wp--preset--spacing--small);padding-bottom:var(--wp--preset--spacing--small)\">1. Kto \u017eiados\u0165 pod\u00e1va<\/p>\n\n\n\n<p style=\"padding-top:var(--wp--preset--spacing--small);padding-bottom:var(--wp--preset--spacing--small)\">2. Komu je \u017eiados\u0165 adresovan\u00e1<\/p>\n\n\n\n<p style=\"padding-top:var(--wp--preset--spacing--small);padding-bottom:var(--wp--preset--spacing--small)\">3. Ak\u00e9 inform\u00e1cie \u017eiadate\u013e \u017eiada<\/p>\n\n\n\n<p style=\"padding-top:var(--wp--preset--spacing--small);padding-bottom:var(--wp--preset--spacing--small)\">4. Ak\u00fd sp\u00f4sob \u017eiadate\u013e po\u017eaduje na spr\u00edstupnenie (p\u00edsomne, e-mailom, &#8230;)<\/p>\n\n\n\n<p style=\"padding-top:var(--wp--preset--spacing--small);padding-bottom:var(--wp--preset--spacing--small)\">V \u017eiadosti mus\u00ed by\u0165 uveden\u00e9 komu je ur\u010den\u00e1, kto ju pod\u00e1va, ktor\u00fdch inform\u00e1ci\u00ed sa t\u00fdka a ak\u00fd sp\u00f4sob spr\u00edstupnenia inform\u00e1ci\u00ed \u017eiadate\u013e navrhuje. Ak v \u017eiadosti niektor\u00e9 z uveden\u00fdch \u00fadajov ch\u00fdbaj\u00fa, \u017eiados\u0165 bude vr\u00e1ten\u00e1 na doplnenie.<\/p>\n\n\n\n<p style=\"padding-top:var(--wp--preset--spacing--small);padding-bottom:var(--wp--preset--spacing--small)\">\u017diados\u0165 o spr\u00edstupnenie inform\u00e1cie Centrum pre deti a rodiny Bratislava \u2013 U\u010dite\u013esk\u00e1 vybav\u00ed bez zbyto\u010dn\u00e9ho odkladu, najnesk\u00f4r do 8 pracovn\u00fdch dn\u00ed odo d\u0148a podania \u017eiadosti alebo odo d\u0148a odstr\u00e1nenia nedostatkov \u017eiadosti. Zo z\u00e1va\u017en\u00fdch d\u00f4vodov m\u00f4\u017ee by\u0165 t\u00e1to lehota pred\u013a\u017een\u00e1, najviac v\u0161ak o 8 pracovn\u00fdch dn\u00ed. T\u00e1to skuto\u010dnos\u0165 bude \u017eiadate\u013eovi ozn\u00e1men\u00e1 najnesk\u00f4r pred uplynut\u00edm lehoty na vybavenie \u017eiadosti.<\/p>\n\n\n\n<p style=\"padding-top:var(--wp--preset--spacing--small);padding-bottom:var(--wp--preset--spacing--small)\">Ak povinn\u00e1 osoba \u017eiadosti nevyhovie hoci len s\u010dasti, vyd\u00e1 o tom v z\u00e1konom stanovenej lehote p\u00edsomn\u00e9 rozhodnutie. Opravn\u00e9 prostriedky proti rozhodnutiam mo\u017eno poda\u0165 v lehote 15 dn\u00ed od doru\u010denia rozhodnutia alebo m\u00e1rneho uplynutia lehoty na rozhodnutie o \u017eiadosti. Odvolanie sa pod\u00e1va povinnej osobe, ktor\u00e1 rozhodnutie vydala alebo mala vyda\u0165.<\/p>\n\n\n\n<p style=\"padding-top:var(--wp--preset--spacing--small);padding-bottom:var(--wp--preset--spacing--small)\">\u017diados\u0165 o inform\u00e1cie m\u00f4\u017eete pod\u00e1va\u0165:<\/p>\n\n\n\n<p style=\"padding-top:var(--wp--preset--spacing--small);padding-bottom:var(--wp--preset--spacing--small)\">Osobne:<br>V Centre pre deti a rodiny Bratislava \u2013 U\u010dite\u013esk\u00e1 v pracovn\u00fdch d\u0148och od 9,00 do 15,00 hod<\/p>\n\n\n\n<p style=\"padding-top:var(--wp--preset--spacing--small);padding-bottom:var(--wp--preset--spacing--small)\">Po\u0161tou na adresu:<br>Centrum pre deti a rodiny Bratislava \u2013 U\u010dite\u013esk\u00e1, U\u010dite\u013esk\u00e1 42, 821 06 Bratislava<\/p>\n\n\n\n<p style=\"padding-top:var(--wp--preset--spacing--small);padding-bottom:var(--wp--preset--spacing--small)\">E-mailom: riaditel@detskydomovbratislava.sk<\/p>\n\n\n\n<p style=\"padding-top:var(--wp--preset--spacing--small);padding-bottom:var(--wp--preset--spacing--small)\">Sp\u00f4sob \u00fahrady n\u00e1kladov za spr\u00edstupnenie inform\u00e1ci\u00ed sa m\u00f4\u017ee realizova\u0165:<\/p>\n\n\n\n<ul class=\"wp-block-list\">\n<li>v hotovosti &#8211; vlo\u017een\u00edm finan\u010dn\u00fdch prostriedkov do pokladne Centra pre deti a rodiny Bratislava \u2013 U\u010dite\u013esk\u00e1,<\/li>\n\n\n\n<li>po\u0161tovou pouk\u00e1\u017ekou,<\/li>\n\n\n\n<li>bezhotovostne, prevodom na \u00fa\u010det Centra pre deti a rodiny Bratislava \u2013 U\u010dite\u013esk\u00e1,<\/li>\n<\/ul>\n\n\n\n<p>Pracovn\u00edk zodpovedn\u00fd za vybavenie \u017eiadosti o inform\u00e1cie ozn\u00e1mi \u017eiadate\u013eovi sumu a sp\u00f4sob \u00fahrady.<br>Inform\u00e1ciu \u017eiadate\u013eovi poskytne alebo odo\u0161le a\u017e po predlo\u017een\u00ed dokladu o zaplaten\u00ed. Sadzobn\u00edk poplatkov:<\/p>\n\n\n\n<ul class=\"wp-block-list\">\n<li>Strana A4 \u010cB &#8211; 0,03 euro<\/li>\n\n\n\n<li>Strana A4 farebn\u00e1 &#8211; 0,10 euro<\/li>\n\n\n\n<li>CD 1,15 \u2013 euro<\/li>\n\n\n\n<li>Ob\u00e1lka &#8211; 0,08 euro<\/li>\n<\/ul>\n\n\n\n<p style=\"padding-top:var(--wp--preset--spacing--small);padding-bottom:var(--wp--preset--spacing--small)\">PODANIE S\u0164A\u017dNOSTI<br>V zmysle z\u00e1kona \u010d. 9\/2010 Z. z. o s\u0165a\u017enostiach v znen\u00ed z\u00e1kona \u010d. 289\/2012 Z. z. (\u010falej len \u201ez\u00e1kon o s\u0165a\u017enostiach&#8220;) a vn\u00fatorn\u00e9ho predpisu, t\u00fdkaj\u00faceho sa vybavovania s\u0165a\u017enost\u00ed v p\u00f4sobnosti Centrum pre deti a rodiny Bratislava \u2013 U\u010dite\u013esk\u00e1 (\u010falej len \u201ecentrum&#8220;), centrum prij\u00edma s\u0165a\u017enosti ka\u017ed\u00fd pracovn\u00fd de\u0148 v celom rozsahu pracovn\u00e9ho \u010dasu \u2013 od 9:00 hod do 16:00 hod.<\/p>\n\n\n\n<p style=\"padding-top:var(--wp--preset--spacing--small);padding-bottom:var(--wp--preset--spacing--small)\">S\u0165a\u017enos\u0165 mo\u017eno poda\u0165:<br>a) p\u00edsomne<br>b) \u00fastne do z\u00e1znamu alebo<br>c) elektronickou po\u0161tou<\/p>\n\n\n\n<p style=\"padding-top:var(--wp--preset--spacing--small);padding-bottom:var(--wp--preset--spacing--small)\">a) P\u00edsomn\u00fa s\u0165a\u017enos\u0165 mo\u017eno zasla\u0165 na adresu centra, ktor\u00e1 je zverejnen\u00e1 na web str\u00e1nke centra \u2013 Centrum pre deti a rodiny Bratislava \u2013 U\u010dite\u013esk\u00e1, U\u010dite\u013esk\u00e1 42, 821 06 Bratislava. Osobne mo\u017eno poda\u0165 p\u00edsomn\u00fa s\u0165a\u017enos\u0165 v administrat\u00edvnej \u010dasti centra (s\u00eddlo centra), U\u010dite\u013esk\u00e1 42, 821 06 Bratislava.<\/p>\n\n\n\n<p style=\"padding-top:var(--wp--preset--spacing--small);padding-bottom:var(--wp--preset--spacing--small)\">b) O \u00fastnej s\u0165a\u017enosti, ktor\u00fa nemo\u017eno vybavi\u0165 ihne\u010f pri jej podan\u00ed zamestnanec centra vyhotov\u00ed z\u00e1znam o \u00fastnej s\u0165a\u017enosti.<\/p>\n\n\n\n<p style=\"padding-top:var(--wp--preset--spacing--small);padding-bottom:var(--wp--preset--spacing--small)\">c) elektronickou po\u0161tou &#8211; emailov\u00e9 adresy s\u00fa zverejnen\u00e9 na web str\u00e1nke centra<\/p>\n\n\n\n<p style=\"padding-top:var(--wp--preset--spacing--small);padding-bottom:var(--wp--preset--spacing--small)\">Ak s\u0165a\u017enos\u0165 podan\u00e1 v elektronickej forme alebo telefaxom nie je podp\u00edsan\u00e1 zaru\u010den\u00fdm elektronick\u00fdm podpisom a s\u0165a\u017eovate\u013e ju do piatich pracovn\u00fdch dn\u00ed od podania nepotvrd\u00ed vlastnoru\u010dn\u00fdm podpisom s\u0165a\u017enos\u0165 sa odlo\u017e\u00ed.<\/p>\n","protected":false},"excerpt":{"rendered":"<p>POSKYTOVANIE INFORM\u00c1CI\u00cd V ZMYSLE Z\u00c1KONA \u010d. 211\/2000 Z. z. o slobodnom pr\u00edstupe k inform\u00e1ci\u00e1m v znen\u00ed neskor\u0161\u00edch predpisov rodiny. \u017diados\u0165 o poskytnutie inform\u00e1cie pod\u013ea z\u00e1kona \u010d. 211\/2000 Z. z. o slobodnom pr\u00edstupe k inform\u00e1ci\u00e1m a o zmene a doplnen\u00ed niektor\u00fdch z\u00e1konov mus\u00ed obsahova\u0165: 1. Kto \u017eiados\u0165 pod\u00e1va 2. Komu je \u017eiados\u0165 adresovan\u00e1 3. Ak\u00e9 inform\u00e1cie [&hellip;]<\/p>\n","protected":false},"author":1,"featured_media":147,"parent":0,"menu_order":0,"comment_status":"closed","ping_status":"closed","template":"","meta":{"footnotes":""},"class_list":["post-60","page","type-page","status-publish","has-post-thumbnail","hentry"],"_links":{"self":[{"href":"https:\/\/www.cdrba.sk\/index.php?rest_route=\/wp\/v2\/pages\/60"}],"collection":[{"href":"https:\/\/www.cdrba.sk\/index.php?rest_route=\/wp\/v2\/pages"}],"about":[{"href":"https:\/\/www.cdrba.sk\/index.php?rest_route=\/wp\/v2\/types\/page"}],"author":[{"embeddable":true,"href":"https:\/\/www.cdrba.sk\/index.php?rest_route=\/wp\/v2\/users\/1"}],"replies":[{"embeddable":true,"href":"https:\/\/www.cdrba.sk\/index.php?rest_route=%2Fwp%2Fv2%2Fcomments&post=60"}],"version-history":[{"count":3,"href":"https:\/\/www.cdrba.sk\/index.php?rest_route=\/wp\/v2\/pages\/60\/revisions"}],"predecessor-version":[{"id":149,"href":"https:\/\/www.cdrba.sk\/index.php?rest_route=\/wp\/v2\/pages\/60\/revisions\/149"}],"wp:featuredmedia":[{"embeddable":true,"href":"https:\/\/www.cdrba.sk\/index.php?rest_route=\/wp\/v2\/media\/147"}],"wp:attachment":[{"href":"https:\/\/www.cdrba.sk\/index.php?rest_route=%2Fwp%2Fv2%2Fmedia&parent=60"}],"curies":[{"name":"wp","href":"https:\/\/api.w.org\/{rel}","templated":true}]}}