{"id":236,"date":"2025-03-05T16:29:42","date_gmt":"2025-03-05T15:29:42","guid":{"rendered":"https:\/\/www.cdrba.sk\/?page_id=236"},"modified":"2026-02-26T10:42:29","modified_gmt":"2026-02-26T09:42:29","slug":"2-dane-za-rok-2024","status":"publish","type":"page","link":"https:\/\/www.cdrba.sk\/?page_id=236","title":{"rendered":"2% dane za rok 2025"},"content":{"rendered":"\n<div class=\"wp-block-group has-tertiary-background-color has-background has-global-padding is-layout-constrained wp-container-core-group-is-layout-1 wp-block-group-is-layout-constrained\" style=\"border-radius:5px;padding-top:var(--wp--preset--spacing--large);padding-right:var(--wp--preset--spacing--large);padding-bottom:var(--wp--preset--spacing--large);padding-left:var(--wp--preset--spacing--large)\">\n<div class=\"wp-block-columns are-vertically-aligned-center is-layout-flex wp-container-core-columns-is-layout-1 wp-block-columns-is-layout-flex\">\n<div class=\"wp-block-column is-vertically-aligned-center is-layout-flow wp-block-column-is-layout-flow\" style=\"flex-basis:33.33%\">\n<div class=\"wp-block-cover is-light is-style-rounded-cover wp-duotone-462cff-ece8ff-1\" style=\"min-height:281px;aspect-ratio:unset;\"><span aria-hidden=\"true\" class=\"wp-block-cover__background has-background-dim-0 has-background-dim\" style=\"background-color:#b8b4b6\"><\/span><img decoding=\"async\" width=\"1920\" height=\"1440\" class=\"wp-block-cover__image-background wp-image-237\" alt=\"\" src=\"https:\/\/www.cdrba.sk\/wp-content\/uploads\/2025\/03\/peniaze.jpg\" data-object-fit=\"cover\" srcset=\"https:\/\/www.cdrba.sk\/wp-content\/uploads\/2025\/03\/peniaze.jpg 1920w, https:\/\/www.cdrba.sk\/wp-content\/uploads\/2025\/03\/peniaze-300x225.jpg 300w, https:\/\/www.cdrba.sk\/wp-content\/uploads\/2025\/03\/peniaze-1024x768.jpg 1024w, https:\/\/www.cdrba.sk\/wp-content\/uploads\/2025\/03\/peniaze-768x576.jpg 768w, https:\/\/www.cdrba.sk\/wp-content\/uploads\/2025\/03\/peniaze-1536x1152.jpg 1536w\" sizes=\"(max-width: 1920px) 100vw, 1920px\" \/><div class=\"wp-block-cover__inner-container is-layout-flow wp-block-cover-is-layout-flow\">\n<p class=\"has-text-align-center\"><\/p>\n<\/div><\/div>\n<\/div>\n\n\n\n<div class=\"wp-block-column is-vertically-aligned-center is-layout-flow wp-container-core-column-is-layout-2 wp-block-column-is-layout-flow\" style=\"flex-basis:66.66%\">\n<p class=\"has-primary-color has-text-color has-small-font-size\" style=\"font-style:normal;font-weight:500\">Pom\u00f4\u017ete n\u00e1m<\/p>\n\n\n\n<p class=\"has-medium-font-size\" style=\"font-style:normal;font-weight:600\">Darujte 2% dane<\/p>\n\n\n\n<p class=\"has-small-font-size\">Aj tento rok m\u00e1te mo\u017enos\u0165 darova\u0165 2% Va\u0161ej dane na Vami zvolen\u00fd \u00fa\u010del &#8211; tentokr\u00e1t to m\u00f4\u017ee by\u0165 pr\u00e1ve na\u0161e Ob\u010dianske zdru\u017eenie Klokan.<\/p>\n\n\n\n<div class=\"wp-block-buttons is-layout-flex wp-block-buttons-is-layout-flex\" style=\"margin-top:var(--wp--preset--spacing--medium)\">\n<div class=\"wp-block-button has-custom-width wp-block-button__width-100 lemonsqueezy-button\"><a class=\"wp-block-button__link wp-element-button\" href=\"https:\/\/www.cdrba.sk\/wp-content\/uploads\/2026\/02\/KLOKAN2percenta2025.pdf\" target=\"_blank\" rel=\"noreferrer noopener\">Stiahnite si predvyplnen\u00fd formul\u00e1r<\/a><\/div>\n<\/div>\n<\/div>\n<\/div>\n<\/div>\n\n\n\n<div style=\"height:40px\" aria-hidden=\"true\" class=\"wp-block-spacer\"><\/div>\n\n\n\n<p><\/p>\n\n\n\n<div class=\"wp-block-columns alignwide is-layout-flex wp-container-core-columns-is-layout-2 wp-block-columns-is-layout-flex\" style=\"margin-top:0px;margin-bottom:0px\">\n<div class=\"wp-block-column is-style-default has-tertiary-background-color has-background is-layout-flow wp-container-core-column-is-layout-3 wp-block-column-is-layout-flow\" style=\"padding-top:var(--wp--preset--spacing--medium);padding-right:var(--wp--preset--spacing--medium);padding-bottom:var(--wp--preset--spacing--medium);padding-left:var(--wp--preset--spacing--medium)\">\n<div class=\"wp-block-group is-vertical is-content-justification-stretch is-layout-flex wp-container-core-group-is-layout-4 wp-block-group-is-layout-flex\" style=\"min-height:100%\">\n<div class=\"wp-block-group has-global-padding is-layout-constrained wp-container-core-group-is-layout-2 wp-block-group-is-layout-constrained\" style=\"min-height:px\">\n<p class=\"has-base-font-size\" style=\"font-style:normal;font-weight:600\">Ob\u010dianske zdru\u017eenie Klokan<\/p>\n\n\n\n<p class=\"has-small-font-size\"><br>V s\u00falade s Deklar\u00e1ciou pr\u00e1v die\u0165a\u0165a pom\u00e1ha\u0165 de\u0165om, ktor\u00e9 vyrastali alebo vyrastaj\u00fa v Detskom domove Bratislava. Ide o deti do 25 roku veku, ktor\u00e9 mali alebo maj\u00fa nariaden\u00fa \u00fastavn\u00fa v\u00fdchovu a po skon\u010den\u00ed in\u0161titucion\u00e1lnej starostlivosti sa nemaj\u00fa kam vr\u00e1ti\u0165.<\/p>\n\n\n\n<p class=\"has-small-font-size\"><\/p>\n<\/div>\n\n\n\n<div class=\"wp-block-group has-global-padding is-layout-constrained wp-container-core-group-is-layout-3 wp-block-group-is-layout-constrained\" style=\"min-height:px\">\n<hr class=\"wp-block-separator has-text-color has-main-accent-color has-alpha-channel-opacity has-main-accent-background-color has-background is-style-separator-dotted\"\/>\n<\/div>\n<\/div>\n<\/div>\n\n\n\n<div class=\"wp-block-column is-style-default has-tertiary-background-color has-background is-layout-flow wp-container-core-column-is-layout-4 wp-block-column-is-layout-flow\" style=\"padding-top:var(--wp--preset--spacing--medium);padding-right:var(--wp--preset--spacing--medium);padding-bottom:var(--wp--preset--spacing--medium);padding-left:var(--wp--preset--spacing--medium)\">\n<div class=\"wp-block-group is-vertical is-content-justification-stretch is-layout-flex wp-container-core-group-is-layout-7 wp-block-group-is-layout-flex\" style=\"min-height:100%\">\n<div class=\"wp-block-group has-global-padding is-layout-constrained wp-container-core-group-is-layout-5 wp-block-group-is-layout-constrained\" style=\"min-height:px\">\n<p class=\"has-base-font-size\" style=\"font-style:normal;font-weight:600\">Cie\u013e zdru\u017eenia :<\/p>\n\n\n\n<p class=\"has-small-font-size\">Predmetom \u010dinnosti je podpora a rozvoj mimo\u00fastavn\u00fdch aktiv\u00edt pre b\u00fdval\u00fdch i s\u00fa\u010dasn\u00fdch zverencov Detsk\u00e9ho domova Bratislava, podporuje finan\u010dne n\u00e1ro\u010dn\u00e9 z\u00e1ujmov\u00e9 aktivity s\u00fa\u010dasn\u00fdch zverencov, poskytuje podporu pri vysoko\u0161kolskej a inej forme vzdel\u00e1vania b\u00fdval\u00fdch chovancov za \u00fa\u010delom z\u00edskania vhodn\u00e9ho zamestnania. OZ \u010falej poskytuje poradensk\u00e9 a informa\u010dn\u00e9 slu\u017eby b\u00fdval\u00fdm zverencom Detsk\u00e9ho domova Bratislava, h\u013ead\u00e1 sp\u00f4soby, ako im pom\u00f4c\u0165 ak sa ocitli v kr\u00edzovej \u017eivotnej situ\u00e1cii.<\/p>\n<\/div>\n\n\n\n<div class=\"wp-block-group has-global-padding is-layout-constrained wp-container-core-group-is-layout-6 wp-block-group-is-layout-constrained\" style=\"min-height:px\">\n<hr class=\"wp-block-separator has-text-color has-main-accent-color has-alpha-channel-opacity has-main-accent-background-color has-background is-style-separator-dotted\"\/>\n<\/div>\n<\/div>\n<\/div>\n\n\n\n<div class=\"wp-block-column is-style-default has-tertiary-background-color has-background is-layout-flow wp-container-core-column-is-layout-5 wp-block-column-is-layout-flow\" style=\"padding-top:var(--wp--preset--spacing--medium);padding-right:var(--wp--preset--spacing--medium);padding-bottom:var(--wp--preset--spacing--medium);padding-left:var(--wp--preset--spacing--medium)\">\n<div class=\"wp-block-group is-vertical is-content-justification-stretch is-layout-flex wp-container-core-group-is-layout-10 wp-block-group-is-layout-flex\" style=\"min-height:100%\">\n<div class=\"wp-block-group has-global-padding is-layout-constrained wp-container-core-group-is-layout-8 wp-block-group-is-layout-constrained\" style=\"min-height:px\">\n<p class=\"has-base-font-size\" style=\"font-style:normal;font-weight:600\">Kontaktn\u00e9 \u00fadaje<\/p>\n\n\n\n<p class=\"has-small-font-size\"><br>Ob\u010dianske zdru\u017eenie Klokan pri Detskom domove Bratislava<\/p>\n\n\n\n<p>U\u010dite\u013esk\u00e1 42<br>821 06 Bratislava<\/p>\n\n\n\n<p>telef\u00f3n : 0918 488 775, 0918 903 834<br>mail: socprac1@detskydomovbratislava.sk<\/p>\n\n\n\n<p class=\"has-small-font-size\">Zdru\u017eenie<br>vznik OZ: 2002<br>\u010d\u00edslo \u00fa\u010dtu : 307517573\/7500<br>BIC: CEKOSKBX<br>IBAN: <\/p>\n\n\n\n<p class=\"has-small-font-size\">SK82 7500 0000 0003 0751 7573<br>I\u010cO: 36064963<\/p>\n<\/div>\n\n\n\n<div class=\"wp-block-group has-global-padding is-layout-constrained wp-container-core-group-is-layout-9 wp-block-group-is-layout-constrained\" style=\"min-height:px\">\n<hr class=\"wp-block-separator has-text-color has-main-accent-color has-alpha-channel-opacity has-main-accent-background-color has-background is-style-separator-dotted\"\/>\n<\/div>\n<\/div>\n<\/div>\n<\/div>\n\n\n\n<figure class=\"wp-block-image size-full\"><a href=\"https:\/\/tvojbuddy.sk\"><img decoding=\"async\" width=\"1000\" height=\"300\" src=\"https:\/\/www.cdrba.sk\/wp-content\/uploads\/2025\/09\/buddy-wide-2.jpg\" alt=\"Up\u00fatavka na pripojenie sa k programu Buddy\" class=\"wp-image-251\" srcset=\"https:\/\/www.cdrba.sk\/wp-content\/uploads\/2025\/09\/buddy-wide-2.jpg 1000w, https:\/\/www.cdrba.sk\/wp-content\/uploads\/2025\/09\/buddy-wide-2-300x90.jpg 300w, https:\/\/www.cdrba.sk\/wp-content\/uploads\/2025\/09\/buddy-wide-2-768x230.jpg 768w\" sizes=\"(max-width: 1000px) 100vw, 1000px\" \/><\/a><\/figure>\n","protected":false},"excerpt":{"rendered":"<p>Pom\u00f4\u017ete n\u00e1m Darujte 2% dane Aj tento rok m\u00e1te mo\u017enos\u0165 darova\u0165 2% Va\u0161ej dane na Vami zvolen\u00fd \u00fa\u010del &#8211; tentokr\u00e1t to m\u00f4\u017ee by\u0165 pr\u00e1ve na\u0161e Ob\u010dianske zdru\u017eenie Klokan. Ob\u010dianske zdru\u017eenie Klokan V s\u00falade s Deklar\u00e1ciou pr\u00e1v die\u0165a\u0165a pom\u00e1ha\u0165 de\u0165om, ktor\u00e9 vyrastali alebo vyrastaj\u00fa v Detskom domove Bratislava. Ide o deti do 25 roku veku, ktor\u00e9 [&hellip;]<\/p>\n","protected":false},"author":1,"featured_media":0,"parent":0,"menu_order":0,"comment_status":"closed","ping_status":"closed","template":"","meta":{"footnotes":""},"class_list":["post-236","page","type-page","status-publish","hentry"],"_links":{"self":[{"href":"https:\/\/www.cdrba.sk\/index.php?rest_route=\/wp\/v2\/pages\/236"}],"collection":[{"href":"https:\/\/www.cdrba.sk\/index.php?rest_route=\/wp\/v2\/pages"}],"about":[{"href":"https:\/\/www.cdrba.sk\/index.php?rest_route=\/wp\/v2\/types\/page"}],"author":[{"embeddable":true,"href":"https:\/\/www.cdrba.sk\/index.php?rest_route=\/wp\/v2\/users\/1"}],"replies":[{"embeddable":true,"href":"https:\/\/www.cdrba.sk\/index.php?rest_route=%2Fwp%2Fv2%2Fcomments&post=236"}],"version-history":[{"count":6,"href":"https:\/\/www.cdrba.sk\/index.php?rest_route=\/wp\/v2\/pages\/236\/revisions"}],"predecessor-version":[{"id":272,"href":"https:\/\/www.cdrba.sk\/index.php?rest_route=\/wp\/v2\/pages\/236\/revisions\/272"}],"wp:attachment":[{"href":"https:\/\/www.cdrba.sk\/index.php?rest_route=%2Fwp%2Fv2%2Fmedia&parent=236"}],"curies":[{"name":"wp","href":"https:\/\/api.w.org\/{rel}","templated":true}]}}